{"id":350,"date":"2021-10-17T18:00:45","date_gmt":"2021-10-17T16:00:45","guid":{"rendered":"https:\/\/association-bts-clim-souillac.com\/?page_id=350"},"modified":"2021-11-12T10:05:52","modified_gmt":"2021-11-12T09:05:52","slug":"le-conseil-dadministration","status":"publish","type":"page","link":"https:\/\/association-bts-clim-souillac.com\/index.php\/le-conseil-dadministration\/","title":{"rendered":"Le Conseil d&rsquo;Administration"},"content":{"rendered":"\n<p>&nbsp;L\u2019Association est dirig\u00e9e par un <strong>Conseil d\u2019Administration<\/strong> compos\u00e9 d\u2019au plus, 20 vingt membres par coll\u00e8ge dont au moins dix membres seront \u00e9tudiants au lyc\u00e9e Louis Vicat et \u00e9lus pour une dur\u00e9e d\u2019un an lors de l\u2019<strong>Assembl\u00e9e G\u00e9n\u00e9rale<\/strong>.&nbsp;<\/p>\n\n\n\n<p>Le CA propose les orientations de l\u2019Association et met en place les d\u00e9cisions prises par l&rsquo;Assembl\u00e9e G\u00e9n\u00e9rale. Elle est donc l\u2019organe d\u00e9cisionnel de l\u2019Association.<\/p>\n\n\n\n<p>Initialement, \u00e9taient pr\u00e9sident, tr\u00e9sorier et secr\u00e9taire, les anciens membres du <strong>bureau <\/strong>alors en deuxi\u00e8me ann\u00e9e tandis que leurs successeurs de premi\u00e8re ann\u00e9e \u00e9taient vice-pr\u00e9sident, tr\u00e9sorier-adjoint et secr\u00e9taire-adjoint. <\/p>\n\n\n\n<p>Depuis 2017 et pour un peu plus de stabilit\u00e9, les membres principaux du CA sont maintenus \u00e0 leur poste tant qu&rsquo;ils le souhaitent et les nouveaux \u00e9tudiants prennent les postes de vice-pr\u00e9sident, tr\u00e9sorier-adjoint et secr\u00e9taire-adjoint.  <\/p>\n\n\n\n<p>Les bureaux successifs sont rappel\u00e9s ci-dessous.<\/p>\n\n\n\n<h2 class=\"wp-block-heading\">2021-2022<\/h2>\n\n\n\n<ul class=\"wp-block-list\"><li>Pr\u00e9sident: Nicolas Mar\u00e9chal<\/li><li>Co-Pr\u00e9sidents: Herv\u00e9 Noailles et S\u00e9bastien Rouylou<\/li><li>Tr\u00e9sorier: Patrick Nicolas<\/li><li>Vice-Pr\u00e9sident: Maxime Schlitter<\/li><li>Tr\u00e9sorier-Adjoint: Gabriel Sabatier<\/li><li>Secr\u00e9taire Adjoint: Adam Bori\u00e8s<\/li><\/ul>\n\n\n\n<h2 class=\"wp-block-heading\">2020-2021<\/h2>\n\n\n\n<ul class=\"wp-block-list\"><li>Pr\u00e9sident: Nicolas Mar\u00e9chal<\/li><li>Co-Pr\u00e9sidents: Herv\u00e9 Noailles et S\u00e9bastien Rouylou<\/li><li>Tr\u00e9sorier: Patrick Nicolas<\/li><li>Vice-Pr\u00e9sident: <a href=\"https:\/\/youtu.be\/TaT_dlZfzFQ\">Christopher Patfoort<\/a><\/li><li>Tr\u00e9sorier-Adjoint: <a href=\"https:\/\/youtu.be\/IdPfaS4qhdk\">Julien Bousqui\u00e9<\/a><\/li><li>Secr\u00e9taire Adjoint: Maxime Larre<\/li><\/ul>\n\n\n\n<h2 class=\"wp-block-heading\">2019-2020<\/h2>\n\n\n\n<ul class=\"wp-block-list\"><li>Pr\u00e9sident: Nicolas Mar\u00e9chal<\/li><li>Co-Pr\u00e9sidents: Herv\u00e9 Noailles et S\u00e9bastien Rouylou<\/li><li>Tr\u00e9sorier: Patrick Nicolas<\/li><li>Vice-Pr\u00e9sident: Maxime Cubizolle<\/li><li>Tr\u00e9sorier-Adjoint: Paul Montenon<\/li><li>Secr\u00e9taire Adjoint: Nicolas Coste<\/li><\/ul>\n\n\n\n<h2 class=\"wp-block-heading\">2018-2019<\/h2>\n\n\n\n<ul class=\"wp-block-list\"><li>Pr\u00e9sident: Nicolas Mar\u00e9chal<\/li><li>Co-Pr\u00e9sidents: Herv\u00e9 Noailles et S\u00e9bastien Rouylou<\/li><li>Tr\u00e9sorier: Patrick Nicolas<\/li><li>Vice-Pr\u00e9sident: Valentin Gros<\/li><li>Tr\u00e9sorier-Adjoint: Pierre Assens<\/li><li>Secr\u00e9taire Adjoint: Paul Rousserie<\/li><\/ul>\n\n\n\n<p><\/p>\n\n\n\n<p><\/p>\n\n\n\n<p><\/p>\n\n\n\n<p><\/p>\n","protected":false},"excerpt":{"rendered":"<p>&nbsp;L\u2019Association est dirig\u00e9e par un Conseil d\u2019Administration compos\u00e9 d\u2019au plus, 20 vingt membres par coll\u00e8ge dont au moins dix membres seront \u00e9tudiants au lyc\u00e9e Louis Vicat et \u00e9lus pour une dur\u00e9e d\u2019un an lors de l\u2019Assembl\u00e9e G\u00e9n\u00e9rale.&nbsp; Le CA propose &hellip; <a href=\"https:\/\/association-bts-clim-souillac.com\/index.php\/le-conseil-dadministration\/\">Lire la suite\u00ad\u00ad<\/a><\/p>\n","protected":false},"author":2,"featured_media":0,"parent":0,"menu_order":0,"comment_status":"closed","ping_status":"closed","template":"","meta":{"kt_blocks_editor_width":"","footnotes":""},"class_list":["post-350","page","type-page","status-publish","hentry"],"_links":{"self":[{"href":"https:\/\/association-bts-clim-souillac.com\/index.php\/wp-json\/wp\/v2\/pages\/350","targetHints":{"allow":["GET"]}}],"collection":[{"href":"https:\/\/association-bts-clim-souillac.com\/index.php\/wp-json\/wp\/v2\/pages"}],"about":[{"href":"https:\/\/association-bts-clim-souillac.com\/index.php\/wp-json\/wp\/v2\/types\/page"}],"author":[{"embeddable":true,"href":"https:\/\/association-bts-clim-souillac.com\/index.php\/wp-json\/wp\/v2\/users\/2"}],"replies":[{"embeddable":true,"href":"https:\/\/association-bts-clim-souillac.com\/index.php\/wp-json\/wp\/v2\/comments?post=350"}],"version-history":[{"count":5,"href":"https:\/\/association-bts-clim-souillac.com\/index.php\/wp-json\/wp\/v2\/pages\/350\/revisions"}],"predecessor-version":[{"id":1696,"href":"https:\/\/association-bts-clim-souillac.com\/index.php\/wp-json\/wp\/v2\/pages\/350\/revisions\/1696"}],"wp:attachment":[{"href":"https:\/\/association-bts-clim-souillac.com\/index.php\/wp-json\/wp\/v2\/media?parent=350"}],"curies":[{"name":"wp","href":"https:\/\/api.w.org\/{rel}","templated":true}]}}